{"id":801,"date":"2016-04-14T23:21:48","date_gmt":"2016-04-14T21:21:48","guid":{"rendered":"https:\/\/www.ellensailing.se\/?page_id=801"},"modified":"2026-08-05T15:58:27","modified_gmt":"2026-08-05T13:58:27","slug":"har-ar-vi","status":"publish","type":"page","link":"https:\/\/www.ellensailing.se\/?page_id=801","title":{"rendered":"H\u00e4r \u00e4r vi"},"content":{"rendered":"<p>H\u00e4r kan ni f\u00f6lja oss n\u00e4r v\u00e5r AIS \u00e4r p\u00e5slagen och n\u00e4r den har kontakt.<\/p>\n<p>F\u00f6r att se flera b\u00e5tar som \u00e4r v\u00e5ra v\u00e4nner s\u00e5 kan du zooma ut.<\/p>\n\n\n<p class=\"wp-block-paragraph\">Marine Traffic har tyv\u00e4rr gjort om hemsidan. H\u00e4r kunde vi f\u00f6lja v\u00e5ra kompisb\u00e5tar etc, men de har slutat med det. Om du vill se oss klicka p\u00e5 denna l\u00e4nken&#8230; <\/p>\n\n\n<a class=\"wp-block-read-more\" href=\"https:\/\/www.ellensailing.se\/?page_id=801\" target=\"_blank\">L\u00e4s mer<span class=\"screen-reader-text\">: H\u00e4r \u00e4r vi<\/span><\/a>\n\n\n<p class=\"wp-block-paragraph\"><a href=\"https:\/\/www.marinetraffic.com\/en\/ais\/home\/shipid:326038\/zoom:16\">https:\/\/www.marinetraffic.com\/en\/ais\/home\/shipid:326038\/zoom:16<\/a><\/p>\n\n\n","protected":false},"excerpt":{"rendered":"<p>H\u00e4r kan ni f\u00f6lja oss n\u00e4r v\u00e5r AIS \u00e4r p\u00e5slagen och n\u00e4r den har kontakt. F\u00f6r att se flera b\u00e5tar[&#8230;]<\/p>\n","protected":false},"author":1,"featured_media":0,"parent":0,"menu_order":0,"comment_status":"closed","ping_status":"closed","template":"","meta":{"footnotes":""},"class_list":["post-801","page","type-page","status-publish","hentry"],"jetpack_sharing_enabled":true,"jetpack_shortlink":"https:\/\/wp.me\/P5G68R-cV","jetpack-related-posts":[{"id":13,"url":"https:\/\/www.ellensailing.se\/?page_id=13","url_meta":{"origin":801,"position":0},"title":"Kontakt","author":"peter@ellensailing.se","date":"15 januari, 2015","format":false,"excerpt":"Peter: +46 70 5272038 peter@ellensailing.se Jackline: +46 70 7320213 jackline@ellensailing.se VHF Call sign: SE6399 MMSI: 265721810 AIS: Ellen Arcona 430 (www.marinetraffic.com) eller l\u00e4nken http:\/\/www.marinetraffic.com\/en\/ais\/details\/ships\/shipid:326038\/mmsi:265721810\/vessel:265721810 Satelittelefon +88 16 214 114 23 (ej i bruk just nu) www.ellensailing.se Gemensam mejl: us@ellensailing.se","rel":"","context":"Med 10 kommentarer","block_context":{"text":"Med 10 kommentarer","link":"https:\/\/www.ellensailing.se\/?page_id=13#comments"},"img":{"alt_text":"","src":"","width":0,"height":0},"classes":[]},{"id":35,"url":"https:\/\/www.ellensailing.se\/?page_id=35","url_meta":{"origin":801,"position":1},"title":"B\u00e5ten i allm\u00e4nhet","author":"peter@ellensailing.se","date":"15 januari, 2015","format":false,"excerpt":"LOA: 13,15M LWL: 12,05M Beam: 3,98M Draft: 2,30M Mast heigh: 20,5M DISP: 10Ton Ballast: 3,6Ton Water: 300L Hotwater: 40L Fuel: 200+100L Main: 62m\u00b2 Jib: 52m\u00b2 Stix:38 Mer om Arcona Yachts finns att l\u00e4sa p\u00e5 http:\/\/www.arconayachts.se EllenEllen \u00e4r en Arcona 430 med tillverkningsnummer 5. Hon har varit med om mycket. Kalle\u2026","rel":"","context":"Liknande inl\u00e4gg","block_context":{"text":"Liknande inl\u00e4gg","link":""},"img":{"alt_text":"DSC02044","src":"https:\/\/i0.wp.com\/www.ellensailing.se\/wp-content\/uploads\/2015\/11\/DSC02044-1024x683.jpg?resize=350%2C200&ssl=1","width":350,"height":200,"srcset":"https:\/\/i0.wp.com\/www.ellensailing.se\/wp-content\/uploads\/2015\/11\/DSC02044-1024x683.jpg?resize=350%2C200&ssl=1 1x, https:\/\/i0.wp.com\/www.ellensailing.se\/wp-content\/uploads\/2015\/11\/DSC02044-1024x683.jpg?resize=525%2C300&ssl=1 1.5x, https:\/\/i0.wp.com\/www.ellensailing.se\/wp-content\/uploads\/2015\/11\/DSC02044-1024x683.jpg?resize=700%2C400&ssl=1 2x"},"classes":[]},{"id":298,"url":"https:\/\/www.ellensailing.se\/?page_id=298","url_meta":{"origin":801,"position":2},"title":"Ellen Play","author":"peter@ellensailing.se","date":"22 mars, 2015","format":false,"excerpt":"H\u00e4r kommer vi l\u00e4gga l\u00e4nkar till de filmer som finns. [Spider_Video_Player id=\"7\"] [Spider_Video_Player id=\"6\"] [Spider_Video_Player id=\"4\"]","rel":"","context":"Liknande inl\u00e4gg","block_context":{"text":"Liknande inl\u00e4gg","link":""},"img":{"alt_text":"","src":"","width":0,"height":0},"classes":[]},{"id":16,"url":"https:\/\/www.ellensailing.se\/?page_id=16","url_meta":{"origin":801,"position":3},"title":"Planering","author":"peter@ellensailing.se","date":"15 januari, 2015","format":false,"excerpt":"Segling 2019 Efter ett \u00e5rs segling fr\u00e5n Frankrike till Karibien s\u00e5 \u00e4r det nu dags f\u00f6r nya eskapader. N\u00e4r vi kom till Karibien s\u00e5 seglade vi runt bland de flesta \u00f6ar fr\u00e5n Antiqua i norr och till Grenada i s\u00f6der. Det var helt fantasiskt fint men ganska bl\u00e5sigt fr\u00e5n december\u2026","rel":"","context":"Med 6 kommentarer","block_context":{"text":"Med 6 kommentarer","link":"https:\/\/www.ellensailing.se\/?page_id=16#comments"},"img":{"alt_text":"","src":"","width":0,"height":0},"classes":[]},{"id":192,"url":"https:\/\/www.ellensailing.se\/?page_id=192","url_meta":{"origin":801,"position":4},"title":"F\u00f6rsta Arconan","author":"peter@ellensailing.se","date":"31 januari, 2015","format":false,"excerpt":"Camara F\u00f6rsta g\u00e5ngen jag kom i kontakt med Arcona var n\u00e4r vi byggde en Arcona 321 Racing. Hon anv\u00e4ndes som mall f\u00f6r att bygga 321:orna. Blev mycket l\u00e4ttare och stabil som f\u00e5. Med elliptiskt k\u00f6l och ett djupare roder och ingen sk\u00e4dda seglade hon b\u00e5de h\u00f6gt och fort utan avdrift.\u2026","rel":"","context":"Med 6 kommentarer","block_context":{"text":"Med 6 kommentarer","link":"https:\/\/www.ellensailing.se\/?page_id=192#comments"},"img":{"alt_text":"Camara logo","src":"https:\/\/i0.wp.com\/www.ellensailing.se\/wp-content\/uploads\/2015\/01\/Camara-logo-1024x683.jpg?resize=350%2C200&ssl=1","width":350,"height":200,"srcset":"https:\/\/i0.wp.com\/www.ellensailing.se\/wp-content\/uploads\/2015\/01\/Camara-logo-1024x683.jpg?resize=350%2C200&ssl=1 1x, https:\/\/i0.wp.com\/www.ellensailing.se\/wp-content\/uploads\/2015\/01\/Camara-logo-1024x683.jpg?resize=525%2C300&ssl=1 1.5x"},"classes":[]},{"id":28,"url":"https:\/\/www.ellensailing.se\/?page_id=28","url_meta":{"origin":801,"position":5},"title":"Projekt 2014\/2015","author":"peter@ellensailing.se","date":"15 januari, 2015","format":false,"excerpt":"2014 -2015 \u00e4r det inte lika mycket att fixa med b\u00e5ten. I alla fall blir det inga stora ombyggnationer. Det som sker i \u00e5r \u00e4r att alla genomf\u00f6ringar skall bytas. B\u00e5ten har varit ute i m\u00e5nga \u00e5r i mycket salta vatten och f\u00f6r s\u00e4kerhetesskull vill vi vara p\u00e5 s\u00e4kra sidan\u2026","rel":"","context":"Liknande inl\u00e4gg","block_context":{"text":"Liknande inl\u00e4gg","link":""},"img":{"alt_text":"De gamla genomf\u00f6ringarna","src":"https:\/\/i0.wp.com\/www.ellensailing.se\/wp-content\/uploads\/2015\/01\/Fr%C3%A4mre-toan-avlopp-300x225.jpg?resize=350%2C200&ssl=1","width":350,"height":200},"classes":[]}],"jetpack_likes_enabled":false,"_links":{"self":[{"href":"https:\/\/www.ellensailing.se\/index.php?rest_route=\/wp\/v2\/pages\/801","targetHints":{"allow":["GET"]}}],"collection":[{"href":"https:\/\/www.ellensailing.se\/index.php?rest_route=\/wp\/v2\/pages"}],"about":[{"href":"https:\/\/www.ellensailing.se\/index.php?rest_route=\/wp\/v2\/types\/page"}],"author":[{"embeddable":true,"href":"https:\/\/www.ellensailing.se\/index.php?rest_route=\/wp\/v2\/users\/1"}],"replies":[{"embeddable":true,"href":"https:\/\/www.ellensailing.se\/index.php?rest_route=%2Fwp%2Fv2%2Fcomments&post=801"}],"version-history":[{"count":32,"href":"https:\/\/www.ellensailing.se\/index.php?rest_route=\/wp\/v2\/pages\/801\/revisions"}],"predecessor-version":[{"id":3991,"href":"https:\/\/www.ellensailing.se\/index.php?rest_route=\/wp\/v2\/pages\/801\/revisions\/3991"}],"wp:attachment":[{"href":"https:\/\/www.ellensailing.se\/index.php?rest_route=%2Fwp%2Fv2%2Fmedia&parent=801"}],"curies":[{"name":"wp","href":"https:\/\/api.w.org\/{rel}","templated":true}]}}