{"id":35,"date":"2015-01-15T17:13:08","date_gmt":"2015-01-15T16:13:08","guid":{"rendered":"https:\/\/www.ellensailing.se\/?page_id=35"},"modified":"2026-07-24T06:50:25","modified_gmt":"2026-07-24T04:50:25","slug":"baten-i-allmanhet","status":"publish","type":"page","link":"https:\/\/www.ellensailing.se\/?page_id=35","title":{"rendered":"B\u00e5ten i allm\u00e4nhet"},"content":{"rendered":"<p><a href=\"https:\/\/i0.wp.com\/www.ellensailing.se\/wp-content\/uploads\/2015\/11\/DSC02044.jpg?ssl=1\" rel=\"attachment wp-att-682\"><img data-recalc-dims=\"1\" fetchpriority=\"high\" decoding=\"async\" src=\"https:\/\/i0.wp.com\/www.ellensailing.se\/wp-content\/uploads\/2015\/11\/DSC02044.jpg?resize=840%2C560&#038;ssl=1\" class=\"alignright size-large wp-image-682\" width=\"840\" height=\"560\" alt=\"DSC02044\" srcset=\"https:\/\/i0.wp.com\/www.ellensailing.se\/wp-content\/uploads\/2015\/11\/DSC02044.jpg?resize=1024%2C683&amp;ssl=1 1024w, https:\/\/i0.wp.com\/www.ellensailing.se\/wp-content\/uploads\/2015\/11\/DSC02044.jpg?resize=300%2C200&amp;ssl=1 300w, https:\/\/i0.wp.com\/www.ellensailing.se\/wp-content\/uploads\/2015\/11\/DSC02044.jpg?w=1680&amp;ssl=1 1680w, https:\/\/i0.wp.com\/www.ellensailing.se\/wp-content\/uploads\/2015\/11\/DSC02044.jpg?w=2520&amp;ssl=1 2520w\" sizes=\"(max-width: 840px) 100vw, 840px\" \/><\/a>LOA: 13,15M<\/p>\n<p>LWL: 12,05M<\/p>\n<p>Beam: 3,98M<\/p>\n<p>Draft: 2,30M<\/p>\n<p>Mast heigh: 20,5M<\/p>\n<p>DISP: 10Ton<\/p>\n<p>Ballast: 3,6Ton<\/p>\n<p>Water: 300L<\/p>\n<p>Hotwater: 40L<\/p>\n<p>Fuel: 200+100L<\/p>\n<p>Main: 62m\u00b2<\/p>\n<p>Jib: 52m\u00b2<\/p>\n<p>Stix:38<\/p>\n<p>Mer om Arcona Yachts finns att l\u00e4sa p\u00e5 <a href=\"http:\/\/www.arconayachts.se\" target=\"_blank\" rel=\"noopener\">http:\/\/www.arconayachts.se<\/a><\/p>\n<h3><\/h3>\n<h3><a href=\"https:\/\/i0.wp.com\/www.ellensailing.se\/wp-content\/uploads\/2015\/01\/Arcona-430-logga.jpg?ssl=1\"><img data-recalc-dims=\"1\" decoding=\"async\" src=\"https:\/\/i0.wp.com\/www.ellensailing.se\/wp-content\/uploads\/2015\/01\/Arcona-430-logga.jpg?resize=300%2C34&#038;ssl=1\" class=\"alignright size-medium wp-image-97\" width=\"300\" height=\"34\" alt=\"Arcona 430 logga\" srcset=\"https:\/\/i0.wp.com\/www.ellensailing.se\/wp-content\/uploads\/2015\/01\/Arcona-430-logga.jpg?resize=300%2C34&amp;ssl=1 300w, https:\/\/i0.wp.com\/www.ellensailing.se\/wp-content\/uploads\/2015\/01\/Arcona-430-logga.jpg?resize=1024%2C115&amp;ssl=1 1024w, https:\/\/i0.wp.com\/www.ellensailing.se\/wp-content\/uploads\/2015\/01\/Arcona-430-logga.jpg?w=1815&amp;ssl=1 1815w, https:\/\/i0.wp.com\/www.ellensailing.se\/wp-content\/uploads\/2015\/01\/Arcona-430-logga.jpg?w=1680&amp;ssl=1 1680w\" sizes=\"(max-width: 300px) 100vw, 300px\" \/><\/a><\/h3>\n<h3><\/h3>\n<h3><\/h3>\n<h3>Ellen<\/h3>\n<p>Ellen \u00e4r en Arcona 430 med tillverkningsnummer 5. Hon har varit med om mycket. Kalle och Helin\u00e4 h\u00e4mtade henne i Kungshamn 2009. De har seglat jorden runt i 4 \u00e5r. Hon hade avverkat 42 000 NM n\u00e4r vi tog \u00f6ver henne.<\/p>\n<p>De tycks ha haft en otrolig resa. Mer finns att l\u00e4sa p\u00e5 <a title=\"Elaine\" href=\"https:\/\/syelaine.wordpress.com\" target=\"_blank\" rel=\"noopener\">https:\/\/syelaine.wordpress.com<\/a>. Bra om man kan finska, men bilder g\u00e5r alltid att kolla p\u00e5. De var klara med sin segling och kom till Arcona Yachts i Gustavsberg under september. Vi fick n\u00f6jet att ta \u00f6ver henne i november 2013.<\/p>\n<p>Man f\u00e5r inte byta namn p\u00e5 b\u00e5tar men hon hette Elaine men har modifierats till Ellen. B\u00e4gge namnen kommer ursprungligen fr\u00e5n Helena och f\u00f6r att hedra min gamle framlidna faster tyckte vi att hon skulle f\u00e5 den modifieringen.<\/p>\n<p>Vi b\u00f6rjade med att g\u00f6ra en bruttolista om vad som m\u00e5ste g\u00f6ras och vad vi ville. Att bygga om henne med tv\u00e5 rattar k\u00e4nde vi som en bra investering f\u00f6r att g\u00f6ra henne mer modern och mer funktionell (se projektl\u00e4nkarna). I och med att hon seglat&nbsp;mycket s\u00e5 fanns det ett antal n\u00f6dv\u00e4ndiga \u00e5tg\u00e4rder.<\/p>\n<p>Vi bytte all st\u00e5ende och l\u00f6pande rigg efter att Seld\u00e9n konsulterats. Nya segel var ocks\u00e5 ett m\u00e5ste. N\u00e4r Micke p\u00e5 UK Syversen slet lite i s\u00f6mmarna s\u00e5 f\u00f6ll seglet ihop. M\u00e5nga diskussioner och funderingar har det varit om vilka segel vi skall anv\u00e4nda. F\u00f6rst hade vi t\u00e4nkt v\u00e4lja Hydranet i b\u00e5de fock och storsegel, men vi tyckte att Hydranet i storen skulle bli alldeles f\u00f6r tungt, d\u00e4rf\u00f6r valde vi Tapedrive med dubbeltaffetta. Focken fick dock bli i Hydranet som vi dessutom har skurit upp i underliket f\u00f6r att m\u00f6jligg\u00f6ra att v\u00e5gorna skall kunna rulla \u00f6ver.<\/p>\n<figure id=\"attachment_51\" align=\"alignright\" width=\"300\"><a href=\"https:\/\/i0.wp.com\/www.ellensailing.se\/wp-content\/uploads\/2015\/01\/IMG_3254.jpg?ssl=1\"><img data-recalc-dims=\"1\" decoding=\"async\" src=\"https:\/\/i0.wp.com\/www.ellensailing.se\/wp-content\/uploads\/2015\/01\/IMG_3254.jpg?resize=300%2C225&#038;ssl=1\" class=\"size-medium wp-image-51\" width=\"300\" height=\"225\" alt=\"IMG_3254\" srcset=\"https:\/\/i0.wp.com\/www.ellensailing.se\/wp-content\/uploads\/2015\/01\/IMG_3254.jpg?resize=300%2C225&amp;ssl=1 300w, https:\/\/i0.wp.com\/www.ellensailing.se\/wp-content\/uploads\/2015\/01\/IMG_3254.jpg?resize=1024%2C768&amp;ssl=1 1024w, https:\/\/i0.wp.com\/www.ellensailing.se\/wp-content\/uploads\/2015\/01\/IMG_3254.jpg?w=1680&amp;ssl=1 1680w, https:\/\/i0.wp.com\/www.ellensailing.se\/wp-content\/uploads\/2015\/01\/IMG_3254.jpg?w=2520&amp;ssl=1 2520w\" sizes=\"(max-width: 300px) 100vw, 300px\" \/><\/a> Morris tapet p\u00e5 plexi<\/figure>\n<p>Bruttolistan var l\u00e5ng men en del roliga saker har vi ocks\u00e5 gjort. Min frus \u00f6nskan och Torgnys (Arcona Yachts VD) b\u00e4van var att tapetsera p\u00e5 huvudskottet. L\u00f6sningen blev rolig d\u00e5 vi tog en 2mm plexiskiva som vi limmade tapen p\u00e5 baksidan. Funkade j\u00e4ttebra och blev v\u00e4ldigt l\u00e4ckert. M\u00e5nga sm\u00e5 saker har fixats men att f\u00e5 tv\u00e4tta allt tyg med Vanish och tv\u00e4ttmedel gjorde susen. T\u00e4nk tanken att tv\u00e5 personer med skjorts har bott d\u00e4r i 4 \u00e5r, v\u00e4ldigt skitigt. 50 knoppar p\u00e5 dynorna fick sys om. Jackline blev en hejare p\u00e5 det. Alla durkar har lackats om i 6 lager, hela huset fullt med durkar under vintern. Alla lampor har bytts ut mot LED lampor f\u00f6r att spara energi.<\/p>\n<h3>Utrustning<\/h3>\n<h4>Segel:<\/h4>\n<p>UK Syversen: Tapedrive kolfiber stor med dubbeltaffetta. Fock i Hydranet. Stormfock i orange f\u00e4rg.<\/p>\n<p>Quantum: Code 0 p\u00e5 rulle, Spinnaker, Liten fock till kutterstag<\/p>\n<p>Parasail som \u00e4r ink\u00f6pt 2026<\/p>\n<p>Furlex under d\u00e4ck, Lazy bag.<\/p>\n<p>Bombroms<\/p>\n<h4>Teknik:<\/h4>\n<p>Yanmar 4JH4AE, 55Hkr med Yanmar SD60 drev och Flexofold proppeller.<\/p>\n<p>Mastervolt diselgenerator 3,5kW Whisper<\/p>\n<p>Watt &amp; Sea hydrogenerator 600 watt<\/p>\n<p>Bogproppeller RMC Swingthruster<\/p>\n<p>Watermaker Spectra Ventura 150 MPC, borttagen 2025<\/p>\n<p>Generator Balmar 110A + regulatoruppgradering<\/p>\n<p>Inverter Mastervolt Mass combi 12-2000-100, utbytt (2021) till Victron Quatro 12\/3000<\/p>\n<p>Garbo GX (2021)<\/p>\n<p>Skiljetransformator Mastervolt G1 3,5 kW<\/p>\n<p>Kyl Isotherm 3200 uppgraderad med ASU SP<\/p>\n<p>Extra kyl\/frys med kombi termostat<\/p>\n<p>Eberspr\u00e4scher Airtronic L-<\/p>\n<p>Litium batteri 608Ah (2025), 80 aH start + extra batteri<\/p>\n<p>Bimitop med fyra solceller fastskruvad i Bimi p\u00e5 120 watt vardera.<\/p>\n<h4>Navigation:<\/h4>\n<p>Raymarine Axiom+ 12&#8243;x 2<\/p>\n<p>Radar Raymarine Digital 4kW 18&#8243;<\/p>\n<p>AIS Raymarine 700; s\u00e4ndare och mottagare 5W<\/p>\n<p>Extra sk\u00e4rm vid navplats<\/p>\n<p>Navtex Nav 6+ Mcmurdo, borttagen 2019<\/p>\n<p>Iridium Extreme satelittelefon (9575) s\u00e5ld! med Redport Optimezer.<\/p>\n<p>VHF Raymarine 90 med black box och wieless extra lur i sittbrunn<\/p>\n<p>Instrument Raymarine ST70, djup, speed, winddirection, Multi<\/p>\n<p>Fram\u00e5tseende ekolod Echopilot; borttagen 2020<\/p>\n<p>Ebirb<\/p>\n<p><strong>\u00d6vrigt:<\/strong><\/p>\n<p>Takacat Lite 300 jolle, nu bytt till en Aruba Light 9 med h\u00e5rt botten.<\/p>\n<p>Thohatsu 9.8 hk utbordare (tv\u00e5takt), och en Yamaha 18 MAX<\/p>\n<p>Alla genomf\u00f6ringar i komposit (Thru design)<\/p>\n<p>Gasol \u00e4r uppdaterat med tv\u00e5 5 kg kompositflaskor.<\/p>\n<p>Viking livflotte f\u00f6r 6 personer<\/p>\n<p>Grab Bag<\/p>\n","protected":false},"excerpt":{"rendered":"<p>LOA: 13,15M LWL: 12,05M Beam: 3,98M Draft: 2,30M Mast heigh: 20,5M DISP: 10Ton Ballast: 3,6Ton Water: 300L Hotwater: 40L Fuel:[&#8230;]<\/p>\n","protected":false},"author":1,"featured_media":0,"parent":7,"menu_order":0,"comment_status":"open","ping_status":"open","template":"","meta":{"footnotes":""},"class_list":["post-35","page","type-page","status-publish","hentry"],"jetpack_sharing_enabled":true,"jetpack_shortlink":"https:\/\/wp.me\/P5G68R-z","jetpack-related-posts":[{"id":192,"url":"https:\/\/www.ellensailing.se\/?page_id=192","url_meta":{"origin":35,"position":0},"title":"F\u00f6rsta Arconan","author":"peter@ellensailing.se","date":"31 januari, 2015","format":false,"excerpt":"Camara F\u00f6rsta g\u00e5ngen jag kom i kontakt med Arcona var n\u00e4r vi byggde en Arcona 321 Racing. Hon anv\u00e4ndes som mall f\u00f6r att bygga 321:orna. Blev mycket l\u00e4ttare och stabil som f\u00e5. Med elliptiskt k\u00f6l och ett djupare roder och ingen sk\u00e4dda seglade hon b\u00e5de h\u00f6gt och fort utan avdrift.\u2026","rel":"","context":"Med 6 kommentarer","block_context":{"text":"Med 6 kommentarer","link":"https:\/\/www.ellensailing.se\/?page_id=192#comments"},"img":{"alt_text":"Camara logo","src":"https:\/\/i0.wp.com\/www.ellensailing.se\/wp-content\/uploads\/2015\/01\/Camara-logo-1024x683.jpg?resize=350%2C200&ssl=1","width":350,"height":200,"srcset":"https:\/\/i0.wp.com\/www.ellensailing.se\/wp-content\/uploads\/2015\/01\/Camara-logo-1024x683.jpg?resize=350%2C200&ssl=1 1x, https:\/\/i0.wp.com\/www.ellensailing.se\/wp-content\/uploads\/2015\/01\/Camara-logo-1024x683.jpg?resize=525%2C300&ssl=1 1.5x"},"classes":[]},{"id":79,"url":"https:\/\/www.ellensailing.se\/?page_id=79","url_meta":{"origin":35,"position":1},"title":"Galleri","author":"peter@ellensailing.se","date":"19 januari, 2015","format":false,"excerpt":"Ellen i Deap Harbour, Antiqua Stranden i Mustique M\u00e5lg\u00e5ng ARC 2017, St:Lucia Sandy Island, Carrico Promenad p\u00e5 Bequia Mr and Mrs Arcona p\u00e5 Ellen","rel":"","context":"Med 4 kommentarer","block_context":{"text":"Med 4 kommentarer","link":"https:\/\/www.ellensailing.se\/?page_id=79#comments"},"img":{"alt_text":"Ellen i Deap Harbour","src":"https:\/\/i0.wp.com\/www.ellensailing.se\/wp-content\/uploads\/2019\/05\/17BBD2E4-F32A-4FB4-A36F-7DA2999177C4-e1556978211510.jpeg?resize=350%2C200&ssl=1","width":350,"height":200,"srcset":"https:\/\/i0.wp.com\/www.ellensailing.se\/wp-content\/uploads\/2019\/05\/17BBD2E4-F32A-4FB4-A36F-7DA2999177C4-e1556978211510.jpeg?resize=350%2C200&ssl=1 1x, https:\/\/i0.wp.com\/www.ellensailing.se\/wp-content\/uploads\/2019\/05\/17BBD2E4-F32A-4FB4-A36F-7DA2999177C4-e1556978211510.jpeg?resize=525%2C300&ssl=1 1.5x, https:\/\/i0.wp.com\/www.ellensailing.se\/wp-content\/uploads\/2019\/05\/17BBD2E4-F32A-4FB4-A36F-7DA2999177C4-e1556978211510.jpeg?resize=700%2C400&ssl=1 2x, https:\/\/i0.wp.com\/www.ellensailing.se\/wp-content\/uploads\/2019\/05\/17BBD2E4-F32A-4FB4-A36F-7DA2999177C4-e1556978211510.jpeg?resize=1050%2C600&ssl=1 3x, https:\/\/i0.wp.com\/www.ellensailing.se\/wp-content\/uploads\/2019\/05\/17BBD2E4-F32A-4FB4-A36F-7DA2999177C4-e1556978211510.jpeg?resize=1400%2C800&ssl=1 4x"},"classes":[]},{"id":7,"url":"https:\/\/www.ellensailing.se\/?page_id=7","url_meta":{"origin":35,"position":2},"title":"B\u00e5ten","author":"peter@ellensailing.se","date":"15 januari, 2015","format":false,"excerpt":"Ellen \u00e4r en Arcona 430","rel":"","context":"Med 2 kommentarer","block_context":{"text":"Med 2 kommentarer","link":"https:\/\/www.ellensailing.se\/?page_id=7#comments"},"img":{"alt_text":"","src":"","width":0,"height":0},"classes":[]},{"id":13,"url":"https:\/\/www.ellensailing.se\/?page_id=13","url_meta":{"origin":35,"position":3},"title":"Kontakt","author":"peter@ellensailing.se","date":"15 januari, 2015","format":false,"excerpt":"Peter: +46 70 5272038 peter@ellensailing.se Jackline: +46 70 7320213 jackline@ellensailing.se VHF Call sign: SE6399 MMSI: 265721810 AIS: Ellen Arcona 430 (www.marinetraffic.com) eller l\u00e4nken http:\/\/www.marinetraffic.com\/en\/ais\/details\/ships\/shipid:326038\/mmsi:265721810\/vessel:265721810 Satelittelefon +88 16 214 114 23 (ej i bruk just nu) www.ellensailing.se Gemensam mejl: us@ellensailing.se","rel":"","context":"Med 10 kommentarer","block_context":{"text":"Med 10 kommentarer","link":"https:\/\/www.ellensailing.se\/?page_id=13#comments"},"img":{"alt_text":"","src":"","width":0,"height":0},"classes":[]},{"id":10,"url":"https:\/\/www.ellensailing.se\/?page_id=10","url_meta":{"origin":35,"position":4},"title":"Om oss","author":"peter@ellensailing.se","date":"15 januari, 2015","format":false,"excerpt":"Jackline 60. Leg.sjuksk\u00f6terska och arbetar p\u00e5 Arytmikliniken vid Danderyds sjukhus. Har jobbat med rytmrubbningar sedan 98. Har tv\u00e5 \"barn\" som heter Amanda och Simon men de \u00e4r ganska stora nu, 31 och 30 \u00e5r gamla. B\u00e5da barnen \u00e4r utflugna och har sina egna liv Har inte mycket till b\u00e5tvana, gick\u2026","rel":"","context":"Med 3 kommentarer","block_context":{"text":"Med 3 kommentarer","link":"https:\/\/www.ellensailing.se\/?page_id=10#comments"},"img":{"alt_text":"","src":"https:\/\/i0.wp.com\/www.ellensailing.se\/wp-content\/uploads\/2015\/01\/DSC_0198-e1421352862563.jpg?resize=350%2C200&ssl=1","width":350,"height":200,"srcset":"https:\/\/i0.wp.com\/www.ellensailing.se\/wp-content\/uploads\/2015\/01\/DSC_0198-e1421352862563.jpg?resize=350%2C200&ssl=1 1x, https:\/\/i0.wp.com\/www.ellensailing.se\/wp-content\/uploads\/2015\/01\/DSC_0198-e1421352862563.jpg?resize=525%2C300&ssl=1 1.5x, https:\/\/i0.wp.com\/www.ellensailing.se\/wp-content\/uploads\/2015\/01\/DSC_0198-e1421352862563.jpg?resize=700%2C400&ssl=1 2x, https:\/\/i0.wp.com\/www.ellensailing.se\/wp-content\/uploads\/2015\/01\/DSC_0198-e1421352862563.jpg?resize=1050%2C600&ssl=1 3x, https:\/\/i0.wp.com\/www.ellensailing.se\/wp-content\/uploads\/2015\/01\/DSC_0198-e1421352862563.jpg?resize=1400%2C800&ssl=1 4x"},"classes":[]},{"id":16,"url":"https:\/\/www.ellensailing.se\/?page_id=16","url_meta":{"origin":35,"position":5},"title":"Planering","author":"peter@ellensailing.se","date":"15 januari, 2015","format":false,"excerpt":"Segling 2019 Efter ett \u00e5rs segling fr\u00e5n Frankrike till Karibien s\u00e5 \u00e4r det nu dags f\u00f6r nya eskapader. N\u00e4r vi kom till Karibien s\u00e5 seglade vi runt bland de flesta \u00f6ar fr\u00e5n Antiqua i norr och till Grenada i s\u00f6der. Det var helt fantasiskt fint men ganska bl\u00e5sigt fr\u00e5n december\u2026","rel":"","context":"Med 6 kommentarer","block_context":{"text":"Med 6 kommentarer","link":"https:\/\/www.ellensailing.se\/?page_id=16#comments"},"img":{"alt_text":"","src":"","width":0,"height":0},"classes":[]}],"jetpack_likes_enabled":false,"_links":{"self":[{"href":"https:\/\/www.ellensailing.se\/index.php?rest_route=\/wp\/v2\/pages\/35","targetHints":{"allow":["GET"]}}],"collection":[{"href":"https:\/\/www.ellensailing.se\/index.php?rest_route=\/wp\/v2\/pages"}],"about":[{"href":"https:\/\/www.ellensailing.se\/index.php?rest_route=\/wp\/v2\/types\/page"}],"author":[{"embeddable":true,"href":"https:\/\/www.ellensailing.se\/index.php?rest_route=\/wp\/v2\/users\/1"}],"replies":[{"embeddable":true,"href":"https:\/\/www.ellensailing.se\/index.php?rest_route=%2Fwp%2Fv2%2Fcomments&post=35"}],"version-history":[{"count":23,"href":"https:\/\/www.ellensailing.se\/index.php?rest_route=\/wp\/v2\/pages\/35\/revisions"}],"predecessor-version":[{"id":3903,"href":"https:\/\/www.ellensailing.se\/index.php?rest_route=\/wp\/v2\/pages\/35\/revisions\/3903"}],"up":[{"embeddable":true,"href":"https:\/\/www.ellensailing.se\/index.php?rest_route=\/wp\/v2\/pages\/7"}],"wp:attachment":[{"href":"https:\/\/www.ellensailing.se\/index.php?rest_route=%2Fwp%2Fv2%2Fmedia&parent=35"}],"curies":[{"name":"wp","href":"https:\/\/api.w.org\/{rel}","templated":true}]}}