{"id":20,"date":"2015-01-15T16:50:22","date_gmt":"2015-01-15T15:50:22","guid":{"rendered":"https:\/\/www.ellensailing.se\/?page_id=20"},"modified":"2015-01-15T17:23:21","modified_gmt":"2015-01-15T16:23:21","slug":"projekt-20132014","status":"publish","type":"page","link":"https:\/\/www.ellensailing.se\/?page_id=20","title":{"rendered":"Projekt 2013\/2014"},"content":{"rendered":"<p>Ombyggnad fr\u00e5n en stor ratt till tv\u00e5 sm\u00e5!<\/p>\n<p>Det bar emot n\u00e4r vi skulle s\u00e4tta s\u00e5gen i plasten f\u00f6r att s\u00e5ga bort rattpidestalen. Kvar blev det bara ett stort h\u00e5l. Anledningen till att g\u00f6ra om b\u00e5ten med tv\u00e5 rattar var att det skulle bli l\u00e4ttare att komma bak\u00e5t i b\u00e5ten och badplattformen.<\/p>\n<p>Det ena ger det andra. I och med att det inte gick att f\u00e5 tag i n\u00e5gon ny likadan plotter blev det till att byta ut den mot tv\u00e5 nya. Tack och lov fick jag tag i tv\u00e5 Garmin till bra pris. D\u00f6m om min f\u00f6rv\u00e5ning s\u00e5 gick det inte l\u00e4ngre att ha en analog radar. Ny digital radar blev det, men ooops, de har visst bytt kommunikationssystem. Till att uppdatera det med.<\/p>\n<p>M\u00e5nga timmar blev det, och tack och lov s\u00e5 var Lasse och Moltas mycket duktiga p\u00e5 att hj\u00e4lpa till.<\/p>\n<figure id=\"attachment_22\" aria-describedby=\"caption-attachment-22\" style=\"width: 300px\" class=\"wp-caption alignright\"><a href=\"https:\/\/i0.wp.com\/www.ellensailing.se\/wp-content\/uploads\/2015\/01\/IMG_2679.jpg?ssl=1\"><img data-recalc-dims=\"1\" fetchpriority=\"high\" decoding=\"async\" class=\"size-medium wp-image-22\" src=\"https:\/\/i0.wp.com\/www.ellensailing.se\/wp-content\/uploads\/2015\/01\/IMG_2679.jpg?resize=300%2C225&#038;ssl=1\" alt=\"Usch vad det ser ut!\" width=\"300\" height=\"225\" srcset=\"https:\/\/i0.wp.com\/www.ellensailing.se\/wp-content\/uploads\/2015\/01\/IMG_2679.jpg?resize=300%2C225&amp;ssl=1 300w, https:\/\/i0.wp.com\/www.ellensailing.se\/wp-content\/uploads\/2015\/01\/IMG_2679.jpg?resize=1024%2C768&amp;ssl=1 1024w, https:\/\/i0.wp.com\/www.ellensailing.se\/wp-content\/uploads\/2015\/01\/IMG_2679.jpg?w=1632&amp;ssl=1 1632w\" sizes=\"(max-width: 300px) 100vw, 300px\" \/><\/a><figcaption id=\"caption-attachment-22\" class=\"wp-caption-text\">Usch vad det ser ut!<\/figcaption><\/figure>\n<figure id=\"attachment_23\" aria-describedby=\"caption-attachment-23\" style=\"width: 300px\" class=\"wp-caption alignright\"><a href=\"https:\/\/i0.wp.com\/www.ellensailing.se\/wp-content\/uploads\/2015\/01\/IMG_3050.jpg?ssl=1\"><img data-recalc-dims=\"1\" decoding=\"async\" class=\"size-medium wp-image-23\" src=\"https:\/\/i0.wp.com\/www.ellensailing.se\/wp-content\/uploads\/2015\/01\/IMG_3050.jpg?resize=300%2C225&#038;ssl=1\" alt=\"Teaken skall p\u00e5 plats.\" width=\"300\" height=\"225\" srcset=\"https:\/\/i0.wp.com\/www.ellensailing.se\/wp-content\/uploads\/2015\/01\/IMG_3050.jpg?resize=300%2C225&amp;ssl=1 300w, https:\/\/i0.wp.com\/www.ellensailing.se\/wp-content\/uploads\/2015\/01\/IMG_3050.jpg?resize=1024%2C768&amp;ssl=1 1024w, https:\/\/i0.wp.com\/www.ellensailing.se\/wp-content\/uploads\/2015\/01\/IMG_3050.jpg?w=1632&amp;ssl=1 1632w\" sizes=\"(max-width: 300px) 100vw, 300px\" \/><\/a><figcaption id=\"caption-attachment-23\" class=\"wp-caption-text\">Teaken skall p\u00e5 plats.<\/figcaption><\/figure>\n<figure id=\"attachment_24\" aria-describedby=\"caption-attachment-24\" style=\"width: 225px\" class=\"wp-caption alignright\"><a href=\"https:\/\/i0.wp.com\/www.ellensailing.se\/wp-content\/uploads\/2015\/01\/IMG_3051.jpg?ssl=1\"><img data-recalc-dims=\"1\" decoding=\"async\" class=\"size-medium wp-image-24\" src=\"https:\/\/i0.wp.com\/www.ellensailing.se\/wp-content\/uploads\/2015\/01\/IMG_3051.jpg?resize=225%2C300&#038;ssl=1\" alt=\"Mycket funderande, tur man har Lasse!\" width=\"225\" height=\"300\" srcset=\"https:\/\/i0.wp.com\/www.ellensailing.se\/wp-content\/uploads\/2015\/01\/IMG_3051.jpg?resize=225%2C300&amp;ssl=1 225w, https:\/\/i0.wp.com\/www.ellensailing.se\/wp-content\/uploads\/2015\/01\/IMG_3051.jpg?resize=768%2C1024&amp;ssl=1 768w, https:\/\/i0.wp.com\/www.ellensailing.se\/wp-content\/uploads\/2015\/01\/IMG_3051.jpg?w=1224&amp;ssl=1 1224w\" sizes=\"(max-width: 225px) 100vw, 225px\" \/><\/a><figcaption id=\"caption-attachment-24\" class=\"wp-caption-text\">Mycket funderande, tur man har Lasse!<\/figcaption><\/figure>\n<figure id=\"attachment_25\" aria-describedby=\"caption-attachment-25\" style=\"width: 300px\" class=\"wp-caption alignright\"><a href=\"https:\/\/i0.wp.com\/www.ellensailing.se\/wp-content\/uploads\/2015\/01\/IMG_3065.jpg?ssl=1\"><img data-recalc-dims=\"1\" loading=\"lazy\" decoding=\"async\" class=\"size-medium wp-image-25\" src=\"https:\/\/i0.wp.com\/www.ellensailing.se\/wp-content\/uploads\/2015\/01\/IMG_3065.jpg?resize=300%2C225&#038;ssl=1\" alt=\"Provmontering\" width=\"300\" height=\"225\" srcset=\"https:\/\/i0.wp.com\/www.ellensailing.se\/wp-content\/uploads\/2015\/01\/IMG_3065.jpg?resize=300%2C225&amp;ssl=1 300w, https:\/\/i0.wp.com\/www.ellensailing.se\/wp-content\/uploads\/2015\/01\/IMG_3065.jpg?resize=1024%2C768&amp;ssl=1 1024w, https:\/\/i0.wp.com\/www.ellensailing.se\/wp-content\/uploads\/2015\/01\/IMG_3065.jpg?w=1632&amp;ssl=1 1632w\" sizes=\"(max-width: 300px) 100vw, 300px\" \/><\/a><figcaption id=\"caption-attachment-25\" class=\"wp-caption-text\">Provmontering<\/figcaption><\/figure>\n<p>&nbsp;<\/p>\n<figure id=\"attachment_26\" aria-describedby=\"caption-attachment-26\" style=\"width: 300px\" class=\"wp-caption alignright\"><a href=\"https:\/\/i0.wp.com\/www.ellensailing.se\/wp-content\/uploads\/2015\/01\/IMG_3429.jpg?ssl=1\"><img data-recalc-dims=\"1\" loading=\"lazy\" decoding=\"async\" class=\"size-medium wp-image-26\" src=\"https:\/\/i0.wp.com\/www.ellensailing.se\/wp-content\/uploads\/2015\/01\/IMG_3429.jpg?resize=300%2C225&#038;ssl=1\" alt=\"S\u00e5 h\u00e4r blev det!\" width=\"300\" height=\"225\" srcset=\"https:\/\/i0.wp.com\/www.ellensailing.se\/wp-content\/uploads\/2015\/01\/IMG_3429.jpg?resize=300%2C225&amp;ssl=1 300w, https:\/\/i0.wp.com\/www.ellensailing.se\/wp-content\/uploads\/2015\/01\/IMG_3429.jpg?resize=1024%2C768&amp;ssl=1 1024w, https:\/\/i0.wp.com\/www.ellensailing.se\/wp-content\/uploads\/2015\/01\/IMG_3429.jpg?w=1632&amp;ssl=1 1632w\" sizes=\"(max-width: 300px) 100vw, 300px\" \/><\/a><figcaption id=\"caption-attachment-26\" class=\"wp-caption-text\">S\u00e5 h\u00e4r blev det!<\/figcaption><\/figure>\n","protected":false},"excerpt":{"rendered":"<p>Ombyggnad fr\u00e5n en stor ratt till tv\u00e5 sm\u00e5! Det bar emot n\u00e4r vi skulle s\u00e4tta s\u00e5gen i plasten f\u00f6r att[&#8230;]<\/p>\n","protected":false},"author":1,"featured_media":21,"parent":7,"menu_order":0,"comment_status":"open","ping_status":"open","template":"","meta":{"footnotes":""},"class_list":["post-20","page","type-page","status-publish","has-post-thumbnail","hentry"],"jetpack_sharing_enabled":true,"jetpack_shortlink":"https:\/\/wp.me\/P5G68R-k","jetpack-related-posts":[{"id":10,"url":"https:\/\/www.ellensailing.se\/?page_id=10","url_meta":{"origin":20,"position":0},"title":"Om oss","author":"peter@ellensailing.se","date":"15 januari, 2015","format":false,"excerpt":"Jackline 60. Leg.sjuksk\u00f6terska och arbetar p\u00e5 Arytmikliniken vid Danderyds sjukhus. Har jobbat med rytmrubbningar sedan 98. Har tv\u00e5 \"barn\" som heter Amanda och Simon men de \u00e4r ganska stora nu, 31 och 30 \u00e5r gamla. B\u00e5da barnen \u00e4r utflugna och har sina egna liv Har inte mycket till b\u00e5tvana, gick\u2026","rel":"","context":"Med 3 kommentarer","block_context":{"text":"Med 3 kommentarer","link":"https:\/\/www.ellensailing.se\/?page_id=10#comments"},"img":{"alt_text":"","src":"https:\/\/i0.wp.com\/www.ellensailing.se\/wp-content\/uploads\/2015\/01\/DSC_0198-e1421352862563.jpg?resize=350%2C200&ssl=1","width":350,"height":200,"srcset":"https:\/\/i0.wp.com\/www.ellensailing.se\/wp-content\/uploads\/2015\/01\/DSC_0198-e1421352862563.jpg?resize=350%2C200&ssl=1 1x, https:\/\/i0.wp.com\/www.ellensailing.se\/wp-content\/uploads\/2015\/01\/DSC_0198-e1421352862563.jpg?resize=525%2C300&ssl=1 1.5x, https:\/\/i0.wp.com\/www.ellensailing.se\/wp-content\/uploads\/2015\/01\/DSC_0198-e1421352862563.jpg?resize=700%2C400&ssl=1 2x, https:\/\/i0.wp.com\/www.ellensailing.se\/wp-content\/uploads\/2015\/01\/DSC_0198-e1421352862563.jpg?resize=1050%2C600&ssl=1 3x, https:\/\/i0.wp.com\/www.ellensailing.se\/wp-content\/uploads\/2015\/01\/DSC_0198-e1421352862563.jpg?resize=1400%2C800&ssl=1 4x"},"classes":[]},{"id":35,"url":"https:\/\/www.ellensailing.se\/?page_id=35","url_meta":{"origin":20,"position":1},"title":"B\u00e5ten i allm\u00e4nhet","author":"peter@ellensailing.se","date":"15 januari, 2015","format":false,"excerpt":"LOA: 13,15M LWL: 12,05M Beam: 3,98M Draft: 2,30M Mast heigh: 20,5M DISP: 10Ton Ballast: 3,6Ton Water: 300L Hotwater: 40L Fuel: 200+100L Main: 62m\u00b2 Jib: 52m\u00b2 Stix:38 Mer om Arcona Yachts finns att l\u00e4sa p\u00e5 http:\/\/www.arconayachts.se EllenEllen \u00e4r en Arcona 430 med tillverkningsnummer 5. Hon har varit med om mycket. Kalle\u2026","rel":"","context":"Liknande inl\u00e4gg","block_context":{"text":"Liknande inl\u00e4gg","link":""},"img":{"alt_text":"DSC02044","src":"https:\/\/i0.wp.com\/www.ellensailing.se\/wp-content\/uploads\/2015\/11\/DSC02044-1024x683.jpg?resize=350%2C200&ssl=1","width":350,"height":200,"srcset":"https:\/\/i0.wp.com\/www.ellensailing.se\/wp-content\/uploads\/2015\/11\/DSC02044-1024x683.jpg?resize=350%2C200&ssl=1 1x, https:\/\/i0.wp.com\/www.ellensailing.se\/wp-content\/uploads\/2015\/11\/DSC02044-1024x683.jpg?resize=525%2C300&ssl=1 1.5x, https:\/\/i0.wp.com\/www.ellensailing.se\/wp-content\/uploads\/2015\/11\/DSC02044-1024x683.jpg?resize=700%2C400&ssl=1 2x"},"classes":[]},{"id":28,"url":"https:\/\/www.ellensailing.se\/?page_id=28","url_meta":{"origin":20,"position":2},"title":"Projekt 2014\/2015","author":"peter@ellensailing.se","date":"15 januari, 2015","format":false,"excerpt":"2014 -2015 \u00e4r det inte lika mycket att fixa med b\u00e5ten. I alla fall blir det inga stora ombyggnationer. Det som sker i \u00e5r \u00e4r att alla genomf\u00f6ringar skall bytas. B\u00e5ten har varit ute i m\u00e5nga \u00e5r i mycket salta vatten och f\u00f6r s\u00e4kerhetesskull vill vi vara p\u00e5 s\u00e4kra sidan\u2026","rel":"","context":"Liknande inl\u00e4gg","block_context":{"text":"Liknande inl\u00e4gg","link":""},"img":{"alt_text":"De gamla genomf\u00f6ringarna","src":"https:\/\/i0.wp.com\/www.ellensailing.se\/wp-content\/uploads\/2015\/01\/Fr%C3%A4mre-toan-avlopp-300x225.jpg?resize=350%2C200&ssl=1","width":350,"height":200},"classes":[]},{"id":16,"url":"https:\/\/www.ellensailing.se\/?page_id=16","url_meta":{"origin":20,"position":3},"title":"Planering","author":"peter@ellensailing.se","date":"15 januari, 2015","format":false,"excerpt":"Segling 2019 Efter ett \u00e5rs segling fr\u00e5n Frankrike till Karibien s\u00e5 \u00e4r det nu dags f\u00f6r nya eskapader. N\u00e4r vi kom till Karibien s\u00e5 seglade vi runt bland de flesta \u00f6ar fr\u00e5n Antiqua i norr och till Grenada i s\u00f6der. Det var helt fantasiskt fint men ganska bl\u00e5sigt fr\u00e5n december\u2026","rel":"","context":"Med 6 kommentarer","block_context":{"text":"Med 6 kommentarer","link":"https:\/\/www.ellensailing.se\/?page_id=16#comments"},"img":{"alt_text":"","src":"","width":0,"height":0},"classes":[]},{"id":7,"url":"https:\/\/www.ellensailing.se\/?page_id=7","url_meta":{"origin":20,"position":4},"title":"B\u00e5ten","author":"peter@ellensailing.se","date":"15 januari, 2015","format":false,"excerpt":"Ellen \u00e4r en Arcona 430","rel":"","context":"Med 2 kommentarer","block_context":{"text":"Med 2 kommentarer","link":"https:\/\/www.ellensailing.se\/?page_id=7#comments"},"img":{"alt_text":"","src":"","width":0,"height":0},"classes":[]},{"id":192,"url":"https:\/\/www.ellensailing.se\/?page_id=192","url_meta":{"origin":20,"position":5},"title":"F\u00f6rsta Arconan","author":"peter@ellensailing.se","date":"31 januari, 2015","format":false,"excerpt":"Camara F\u00f6rsta g\u00e5ngen jag kom i kontakt med Arcona var n\u00e4r vi byggde en Arcona 321 Racing. Hon anv\u00e4ndes som mall f\u00f6r att bygga 321:orna. Blev mycket l\u00e4ttare och stabil som f\u00e5. Med elliptiskt k\u00f6l och ett djupare roder och ingen sk\u00e4dda seglade hon b\u00e5de h\u00f6gt och fort utan avdrift.\u2026","rel":"","context":"Med 6 kommentarer","block_context":{"text":"Med 6 kommentarer","link":"https:\/\/www.ellensailing.se\/?page_id=192#comments"},"img":{"alt_text":"Camara logo","src":"https:\/\/i0.wp.com\/www.ellensailing.se\/wp-content\/uploads\/2015\/01\/Camara-logo-1024x683.jpg?resize=350%2C200&ssl=1","width":350,"height":200,"srcset":"https:\/\/i0.wp.com\/www.ellensailing.se\/wp-content\/uploads\/2015\/01\/Camara-logo-1024x683.jpg?resize=350%2C200&ssl=1 1x, https:\/\/i0.wp.com\/www.ellensailing.se\/wp-content\/uploads\/2015\/01\/Camara-logo-1024x683.jpg?resize=525%2C300&ssl=1 1.5x"},"classes":[]}],"jetpack_likes_enabled":false,"_links":{"self":[{"href":"https:\/\/www.ellensailing.se\/index.php?rest_route=\/wp\/v2\/pages\/20","targetHints":{"allow":["GET"]}}],"collection":[{"href":"https:\/\/www.ellensailing.se\/index.php?rest_route=\/wp\/v2\/pages"}],"about":[{"href":"https:\/\/www.ellensailing.se\/index.php?rest_route=\/wp\/v2\/types\/page"}],"author":[{"embeddable":true,"href":"https:\/\/www.ellensailing.se\/index.php?rest_route=\/wp\/v2\/users\/1"}],"replies":[{"embeddable":true,"href":"https:\/\/www.ellensailing.se\/index.php?rest_route=%2Fwp%2Fv2%2Fcomments&post=20"}],"version-history":[{"count":5,"href":"https:\/\/www.ellensailing.se\/index.php?rest_route=\/wp\/v2\/pages\/20\/revisions"}],"predecessor-version":[{"id":41,"href":"https:\/\/www.ellensailing.se\/index.php?rest_route=\/wp\/v2\/pages\/20\/revisions\/41"}],"up":[{"embeddable":true,"href":"https:\/\/www.ellensailing.se\/index.php?rest_route=\/wp\/v2\/pages\/7"}],"wp:featuredmedia":[{"embeddable":true,"href":"https:\/\/www.ellensailing.se\/index.php?rest_route=\/wp\/v2\/media\/21"}],"wp:attachment":[{"href":"https:\/\/www.ellensailing.se\/index.php?rest_route=%2Fwp%2Fv2%2Fmedia&parent=20"}],"curies":[{"name":"wp","href":"https:\/\/api.w.org\/{rel}","templated":true}]}}