{"id":16,"date":"2015-01-15T15:30:28","date_gmt":"2015-01-15T14:30:28","guid":{"rendered":"https:\/\/www.ellensailing.se\/?page_id=16"},"modified":"2018-12-29T14:50:37","modified_gmt":"2018-12-29T13:50:37","slug":"planering","status":"publish","type":"page","link":"https:\/\/www.ellensailing.se\/?page_id=16","title":{"rendered":"Planering"},"content":{"rendered":"\n<p class=\"has-large-font-size wp-block-paragraph\">Segling 2019<\/p>\n\n\n\n<p class=\"wp-block-paragraph\">Efter ett \u00e5rs segling fr\u00e5n Frankrike till Karibien s\u00e5 \u00e4r det nu dags f\u00f6r nya eskapader. N\u00e4r vi kom till Karibien s\u00e5 seglade vi runt bland de flesta \u00f6ar fr\u00e5n Antiqua i norr och till Grenada i s\u00f6der. Det var helt fantasiskt fint men ganska bl\u00e5sigt fr\u00e5n december &#8211; mars. D\u00e4refter s\u00e5 lugnade det ner sig. De kallas Christmas Winds men Julen h\u00f6ll i sig l\u00e4nge.<\/p>\n\n\n\n<p class=\"wp-block-paragraph\">Den 1 mars s\u00e5 beger vi oss av igen. D\u00e5 kommer vi g\u00f6ra iordning Ellen p\u00e5 Grenada d\u00e4r hon ligger. Sedan seglar vi upp till Carriacou som vi gillade s\u00e5 mycket. D\u00e4refter blir det ett stopp i Martinique. Efter Martiniqus s\u00e5 kommer vi str\u00e4cksegla upp till Amerikan Virgin Island. Det blir n\u00e5gra dygns segling men det tror vi det \u00e4r v\u00e4rt. D\u00e4refter s\u00e5 kryssar vi mot BVI och tar \u00f6arna s\u00f6derut. Vi kommer avsluta i Antiqua d\u00e4r Ellen kommer fraktas med lastb\u00e5t tillbaka till Europa f\u00f6r att hamna i Southampton. Hon kommer troligtvis landa i Southampton den 12 Juni.<\/p>\n\n\n\n<p class=\"wp-block-paragraph\">D\u00e4r kommer Hans och Caroline att m\u00f6nstra p\u00e5 f\u00f6r att ta \u00f6ver kaptensskapet och segla henne tillbaka till Stockholm. Vi kommer h\u00e4nga med den f\u00f6rsta-andra veckan. D\u00e4refter har vi h\u00f6rt att m\u00e5nga kommer att m\u00f6nstra p\u00e5 i olika str\u00e4ckor.<\/p>\n\n\n<h2>Segling 2016<\/h2>\n<p>Tanken \u00e4r att segla under semestern ner till Sada som \u00e4r viken innanf\u00f6r La Couruna. Vi kommer att segla r\u00e4tt fort ner till Kiel f\u00f6r att ta oss igenom kanalen.<\/p>\n<p>D\u00e4refter t\u00e4nkte vi segla upp till Helgoland. Skulle vara kul att komma dit och bunkra lite (Skattefritt). Sedan f\u00e5r vi se vad det blir f\u00f6r v\u00e4der men en tanke \u00e4r att f\u00f6rs\u00f6ka tas sig ner till Frisiska \u00f6arna f\u00f6r att sedan segla \u00f6ver till England. Vi kommer segla in till Soupthamton f\u00f6r att h\u00e4lsa p\u00e5 Arcona Yachts och \u00e4ven Chris och hans familj. Vi har lovat att g\u00e5 ut och \u00e4ta en bit mat med dem.<\/p>\n<p>Ett m\u00e5ste f\u00f6r alla seglare \u00e4r att g\u00e5 in till Cowes p\u00e5 Isle of Wight, klassisk seglarmark. Sedan tar vi det sakta mak mot Falmouth f\u00f6r att inv\u00e4nta bra v\u00e4der f\u00f6r att segla \u00f6ver Biscaya.<\/p>\n<p>Saba \u00e4r slutdistinationen f\u00f6r v\u00e5r semestersegling. B\u00e5ten t\u00e4nkte vi ta upp d\u00e4r s\u00e5 den f\u00e5r vila till h\u00f6sten 2017.<\/p>\n<p>[nwm_map id=&#8221;2&#8243;] [nwm_list id=&#8221;2&#8243;]<\/p>\n<h2>Segling 2017 &#8211; 2018<\/h2>\n<p>Vi p\u00e5b\u00f6rjar v\u00e5r tj\u00e4nstledighet den 1 september 2017. \u00c5tta h\u00e4rliga m\u00e5nader. Vi kommer ta det lugnt ner l\u00e4ngs Spanien och Portugals kust. Vi kommer segla korta etapper f\u00f6r att f\u00e5 se s\u00e5 mycket vi kan.<\/p>\n<p>Vi kommer \u00e4ven att segla runt bland Canarias Island. M\u00e5nga av \u00f6arna \u00e4r inte v\u00e4lbes\u00f6kta turistm\u00e5l.\u00a0 Vi kommer beh\u00f6va vara i Las Palmas till den 12 november d\u00e5 f\u00f6rberedelserna b\u00f6rjar inf\u00f6r Atantic Rally for Cruiser. D\u00e4r kommer det vara besiktning av b\u00e5t, seminarier och annat kul. Troligtvis kommer Rallyt starta den 26 november fr\u00e5n Las Palmas till Rodney Bay p\u00e5 St:Lucia.<\/p>\n<p>[nwm_map id=&#8221;3&#8243;] [nwm_list id=&#8221;3&#8243;]<\/p>","protected":false},"excerpt":{"rendered":"<p>Segling 2019 Efter ett \u00e5rs segling fr\u00e5n Frankrike till Karibien s\u00e5 \u00e4r det nu dags f\u00f6r nya eskapader. N\u00e4r vi[&#8230;]<\/p>\n","protected":false},"author":1,"featured_media":0,"parent":0,"menu_order":2,"comment_status":"open","ping_status":"open","template":"","meta":{"footnotes":""},"class_list":["post-16","page","type-page","status-publish","hentry"],"jetpack_sharing_enabled":true,"jetpack_shortlink":"https:\/\/wp.me\/P5G68R-g","jetpack-related-posts":[{"id":10,"url":"https:\/\/www.ellensailing.se\/?page_id=10","url_meta":{"origin":16,"position":0},"title":"Om oss","author":"peter@ellensailing.se","date":"15 januari, 2015","format":false,"excerpt":"Jackline 60. Leg.sjuksk\u00f6terska och arbetar p\u00e5 Arytmikliniken vid Danderyds sjukhus. Har jobbat med rytmrubbningar sedan 98. Har tv\u00e5 \"barn\" som heter Amanda och Simon men de \u00e4r ganska stora nu, 31 och 30 \u00e5r gamla. B\u00e5da barnen \u00e4r utflugna och har sina egna liv Har inte mycket till b\u00e5tvana, gick\u2026","rel":"","context":"Med 3 kommentarer","block_context":{"text":"Med 3 kommentarer","link":"https:\/\/www.ellensailing.se\/?page_id=10#comments"},"img":{"alt_text":"","src":"https:\/\/i0.wp.com\/www.ellensailing.se\/wp-content\/uploads\/2015\/01\/DSC_0198-e1421352862563.jpg?resize=350%2C200&ssl=1","width":350,"height":200,"srcset":"https:\/\/i0.wp.com\/www.ellensailing.se\/wp-content\/uploads\/2015\/01\/DSC_0198-e1421352862563.jpg?resize=350%2C200&ssl=1 1x, https:\/\/i0.wp.com\/www.ellensailing.se\/wp-content\/uploads\/2015\/01\/DSC_0198-e1421352862563.jpg?resize=525%2C300&ssl=1 1.5x, https:\/\/i0.wp.com\/www.ellensailing.se\/wp-content\/uploads\/2015\/01\/DSC_0198-e1421352862563.jpg?resize=700%2C400&ssl=1 2x, https:\/\/i0.wp.com\/www.ellensailing.se\/wp-content\/uploads\/2015\/01\/DSC_0198-e1421352862563.jpg?resize=1050%2C600&ssl=1 3x, https:\/\/i0.wp.com\/www.ellensailing.se\/wp-content\/uploads\/2015\/01\/DSC_0198-e1421352862563.jpg?resize=1400%2C800&ssl=1 4x"},"classes":[]},{"id":79,"url":"https:\/\/www.ellensailing.se\/?page_id=79","url_meta":{"origin":16,"position":1},"title":"Galleri","author":"peter@ellensailing.se","date":"19 januari, 2015","format":false,"excerpt":"Ellen i Deap Harbour, Antiqua Stranden i Mustique M\u00e5lg\u00e5ng ARC 2017, St:Lucia Sandy Island, Carrico Promenad p\u00e5 Bequia Mr and Mrs Arcona p\u00e5 Ellen","rel":"","context":"Med 4 kommentarer","block_context":{"text":"Med 4 kommentarer","link":"https:\/\/www.ellensailing.se\/?page_id=79#comments"},"img":{"alt_text":"Ellen i Deap Harbour","src":"https:\/\/i0.wp.com\/www.ellensailing.se\/wp-content\/uploads\/2019\/05\/17BBD2E4-F32A-4FB4-A36F-7DA2999177C4-e1556978211510.jpeg?resize=350%2C200&ssl=1","width":350,"height":200,"srcset":"https:\/\/i0.wp.com\/www.ellensailing.se\/wp-content\/uploads\/2019\/05\/17BBD2E4-F32A-4FB4-A36F-7DA2999177C4-e1556978211510.jpeg?resize=350%2C200&ssl=1 1x, https:\/\/i0.wp.com\/www.ellensailing.se\/wp-content\/uploads\/2019\/05\/17BBD2E4-F32A-4FB4-A36F-7DA2999177C4-e1556978211510.jpeg?resize=525%2C300&ssl=1 1.5x, https:\/\/i0.wp.com\/www.ellensailing.se\/wp-content\/uploads\/2019\/05\/17BBD2E4-F32A-4FB4-A36F-7DA2999177C4-e1556978211510.jpeg?resize=700%2C400&ssl=1 2x, https:\/\/i0.wp.com\/www.ellensailing.se\/wp-content\/uploads\/2019\/05\/17BBD2E4-F32A-4FB4-A36F-7DA2999177C4-e1556978211510.jpeg?resize=1050%2C600&ssl=1 3x, https:\/\/i0.wp.com\/www.ellensailing.se\/wp-content\/uploads\/2019\/05\/17BBD2E4-F32A-4FB4-A36F-7DA2999177C4-e1556978211510.jpeg?resize=1400%2C800&ssl=1 4x"},"classes":[]},{"id":35,"url":"https:\/\/www.ellensailing.se\/?page_id=35","url_meta":{"origin":16,"position":2},"title":"B\u00e5ten i allm\u00e4nhet","author":"peter@ellensailing.se","date":"15 januari, 2015","format":false,"excerpt":"LOA: 13,15M LWL: 12,05M Beam: 3,98M Draft: 2,30M Mast heigh: 20,5M DISP: 10Ton Ballast: 3,6Ton Water: 300L Hotwater: 40L Fuel: 200+100L Main: 62m\u00b2 Jib: 52m\u00b2 Stix:38 Mer om Arcona Yachts finns att l\u00e4sa p\u00e5 http:\/\/www.arconayachts.se EllenEllen \u00e4r en Arcona 430 med tillverkningsnummer 5. Hon har varit med om mycket. Kalle\u2026","rel":"","context":"Liknande inl\u00e4gg","block_context":{"text":"Liknande inl\u00e4gg","link":""},"img":{"alt_text":"DSC02044","src":"https:\/\/i0.wp.com\/www.ellensailing.se\/wp-content\/uploads\/2015\/11\/DSC02044-1024x683.jpg?resize=350%2C200&ssl=1","width":350,"height":200,"srcset":"https:\/\/i0.wp.com\/www.ellensailing.se\/wp-content\/uploads\/2015\/11\/DSC02044-1024x683.jpg?resize=350%2C200&ssl=1 1x, https:\/\/i0.wp.com\/www.ellensailing.se\/wp-content\/uploads\/2015\/11\/DSC02044-1024x683.jpg?resize=525%2C300&ssl=1 1.5x, https:\/\/i0.wp.com\/www.ellensailing.se\/wp-content\/uploads\/2015\/11\/DSC02044-1024x683.jpg?resize=700%2C400&ssl=1 2x"},"classes":[]},{"id":298,"url":"https:\/\/www.ellensailing.se\/?page_id=298","url_meta":{"origin":16,"position":3},"title":"Ellen Play","author":"peter@ellensailing.se","date":"22 mars, 2015","format":false,"excerpt":"H\u00e4r kommer vi l\u00e4gga l\u00e4nkar till de filmer som finns. [Spider_Video_Player id=\"7\"] [Spider_Video_Player id=\"6\"] [Spider_Video_Player id=\"4\"]","rel":"","context":"Liknande inl\u00e4gg","block_context":{"text":"Liknande inl\u00e4gg","link":""},"img":{"alt_text":"","src":"","width":0,"height":0},"classes":[]},{"id":192,"url":"https:\/\/www.ellensailing.se\/?page_id=192","url_meta":{"origin":16,"position":4},"title":"F\u00f6rsta Arconan","author":"peter@ellensailing.se","date":"31 januari, 2015","format":false,"excerpt":"Camara F\u00f6rsta g\u00e5ngen jag kom i kontakt med Arcona var n\u00e4r vi byggde en Arcona 321 Racing. Hon anv\u00e4ndes som mall f\u00f6r att bygga 321:orna. Blev mycket l\u00e4ttare och stabil som f\u00e5. Med elliptiskt k\u00f6l och ett djupare roder och ingen sk\u00e4dda seglade hon b\u00e5de h\u00f6gt och fort utan avdrift.\u2026","rel":"","context":"Med 6 kommentarer","block_context":{"text":"Med 6 kommentarer","link":"https:\/\/www.ellensailing.se\/?page_id=192#comments"},"img":{"alt_text":"Camara logo","src":"https:\/\/i0.wp.com\/www.ellensailing.se\/wp-content\/uploads\/2015\/01\/Camara-logo-1024x683.jpg?resize=350%2C200&ssl=1","width":350,"height":200,"srcset":"https:\/\/i0.wp.com\/www.ellensailing.se\/wp-content\/uploads\/2015\/01\/Camara-logo-1024x683.jpg?resize=350%2C200&ssl=1 1x, https:\/\/i0.wp.com\/www.ellensailing.se\/wp-content\/uploads\/2015\/01\/Camara-logo-1024x683.jpg?resize=525%2C300&ssl=1 1.5x"},"classes":[]},{"id":7,"url":"https:\/\/www.ellensailing.se\/?page_id=7","url_meta":{"origin":16,"position":5},"title":"B\u00e5ten","author":"peter@ellensailing.se","date":"15 januari, 2015","format":false,"excerpt":"Ellen \u00e4r en Arcona 430","rel":"","context":"Med 2 kommentarer","block_context":{"text":"Med 2 kommentarer","link":"https:\/\/www.ellensailing.se\/?page_id=7#comments"},"img":{"alt_text":"","src":"","width":0,"height":0},"classes":[]}],"jetpack_likes_enabled":false,"_links":{"self":[{"href":"https:\/\/www.ellensailing.se\/index.php?rest_route=\/wp\/v2\/pages\/16","targetHints":{"allow":["GET"]}}],"collection":[{"href":"https:\/\/www.ellensailing.se\/index.php?rest_route=\/wp\/v2\/pages"}],"about":[{"href":"https:\/\/www.ellensailing.se\/index.php?rest_route=\/wp\/v2\/types\/page"}],"author":[{"embeddable":true,"href":"https:\/\/www.ellensailing.se\/index.php?rest_route=\/wp\/v2\/users\/1"}],"replies":[{"embeddable":true,"href":"https:\/\/www.ellensailing.se\/index.php?rest_route=%2Fwp%2Fv2%2Fcomments&post=16"}],"version-history":[{"count":50,"href":"https:\/\/www.ellensailing.se\/index.php?rest_route=\/wp\/v2\/pages\/16\/revisions"}],"predecessor-version":[{"id":2380,"href":"https:\/\/www.ellensailing.se\/index.php?rest_route=\/wp\/v2\/pages\/16\/revisions\/2380"}],"wp:attachment":[{"href":"https:\/\/www.ellensailing.se\/index.php?rest_route=%2Fwp%2Fv2%2Fmedia&parent=16"}],"curies":[{"name":"wp","href":"https:\/\/api.w.org\/{rel}","templated":true}]}}