{"id":10,"date":"2015-01-15T15:26:32","date_gmt":"2015-01-15T14:26:32","guid":{"rendered":"https:\/\/www.ellensailing.se\/?page_id=10"},"modified":"2026-08-05T15:38:28","modified_gmt":"2026-08-05T13:38:28","slug":"hem","status":"publish","type":"page","link":"https:\/\/www.ellensailing.se\/?page_id=10","title":{"rendered":"Om oss"},"content":{"rendered":"\n<h2 class=\"wp-block-heading\">Jackline 60.<\/h2>\n\n\n\n<p class=\"wp-block-paragraph\">Leg.sjuksk\u00f6terska och arbetar p\u00e5 Arytmikliniken vid Danderyds sjukhus. Har jobbat med rytmrubbningar sedan 98.<\/p>\n\n\n\n<p class=\"wp-block-paragraph\">Har tv\u00e5 &#8221;barn&#8221; som heter Amanda och Simon men de \u00e4r ganska stora nu, 31 och 30 \u00e5r gamla. B\u00e5da barnen \u00e4r utflugna och har sina egna liv<\/p>\n\n\n\n<figure class=\"wp-block-image\" id=\"attachment_44\"><a href=\"https:\/\/i0.wp.com\/www.ellensailing.se\/wp-content\/uploads\/2015\/01\/DSC_0198-e1421352862563.jpg?ssl=1\"><img data-recalc-dims=\"1\" fetchpriority=\"high\" decoding=\"async\" width=\"199\" height=\"300\" src=\"https:\/\/i0.wp.com\/www.ellensailing.se\/wp-content\/uploads\/2015\/01\/DSC_0198-e1421352862563-199x300.jpg?resize=199%2C300&#038;ssl=1\" alt=\"Jackline i New York\" class=\"wp-image-44\" srcset=\"https:\/\/i0.wp.com\/www.ellensailing.se\/wp-content\/uploads\/2015\/01\/DSC_0198-e1421352862563.jpg?resize=199%2C300&amp;ssl=1 199w, https:\/\/i0.wp.com\/www.ellensailing.se\/wp-content\/uploads\/2015\/01\/DSC_0198-e1421352862563.jpg?resize=680%2C1024&amp;ssl=1 680w, https:\/\/i0.wp.com\/www.ellensailing.se\/wp-content\/uploads\/2015\/01\/DSC_0198-e1421352862563.jpg?w=1680&amp;ssl=1 1680w, https:\/\/i0.wp.com\/www.ellensailing.se\/wp-content\/uploads\/2015\/01\/DSC_0198-e1421352862563.jpg?w=2520&amp;ssl=1 2520w\" sizes=\"(max-width: 199px) 100vw, 199px\" \/><\/a><\/figure>\n\n\n\n<p class=\"wp-block-paragraph\">Har inte mycket till b\u00e5tvana, gick knappt ut p\u00e5 bryggan f\u00f6rut, men det har g\u00e5tt \u00f6ver och ser fram emot seglingen till Karibien. Innan vi k\u00f6pte Ellen s\u00e5 var jag och h\u00e4lsade p\u00e5 Pelle och Ulla i Loupan som \u00e4r en likadan b\u00e5t och d\u00e4r k\u00e4nde jag mig trygg. Bara jag f\u00e5r&nbsp;ha mina Morris tapeter och Farfars tavla s\u00e5 g\u00e5r det nog bra.<\/p>\n\n\n\n<p class=\"wp-block-paragraph\">Numera s\u00e5 kallar sig Jackline f\u00f6r en riktig &#8221;guppi&#8221; eller riktig seglare efter att ha seglat fr\u00e5n Stockholm till Karibien och gjort tv\u00e5 s\u00e4songer i Karibien. Vill helst bo p\u00e5 b\u00e5ten d\u00e5 det r\u00e4cker alldeles utm\u00e4rkt som hem.<\/p>\n\n\n\n<h2 class=\"wp-block-heading\">Peter 62<\/h2>\n\n\n\n<p class=\"wp-block-paragraph\">AB Trav och Galopp (ATG) jobbar jag som Senior Retail Tecnology Manager. Har jobbat p\u00e5 ATG sedan\u00a091.<\/p>\n\n\n\n<p class=\"wp-block-paragraph\">Var tre dagar gammal n\u00e4r mina f\u00f6r\u00e4ldrar tog med mig p\u00e5 deras segelb\u00e5t som var en Laurinkoster. B\u00f6rjade segla optimist vid 7 \u00e5rs \u00e5lder p\u00e5 UKF i Uppsala. K\u00f6pte en Stortriss n\u00e4r jag var 15 som jag seglade med mina kusiner. D\u00e4refter har det blivit Maxi 84, Scanmar 33 och sedan en Arcona 321 R. Med Scanmaren och Arconan har det blivit m\u00e5nga Gotland Runt (12 tror jag).<\/p>\n\n\n\n<figure class=\"wp-block-image\" id=\"attachment_47\"><a href=\"https:\/\/i0.wp.com\/www.ellensailing.se\/wp-content\/uploads\/2015\/01\/DSC_0134.jpg?ssl=1\"><img data-recalc-dims=\"1\" decoding=\"async\" width=\"300\" height=\"199\" src=\"https:\/\/i0.wp.com\/www.ellensailing.se\/wp-content\/uploads\/2015\/01\/DSC_0134.jpg?resize=300%2C199&#038;ssl=1\" alt=\"Time Square\" class=\"wp-image-47\" srcset=\"https:\/\/i0.wp.com\/www.ellensailing.se\/wp-content\/uploads\/2015\/01\/DSC_0134.jpg?resize=300%2C199&amp;ssl=1 300w, https:\/\/i0.wp.com\/www.ellensailing.se\/wp-content\/uploads\/2015\/01\/DSC_0134.jpg?resize=1024%2C680&amp;ssl=1 1024w, https:\/\/i0.wp.com\/www.ellensailing.se\/wp-content\/uploads\/2015\/01\/DSC_0134.jpg?w=1680&amp;ssl=1 1680w, https:\/\/i0.wp.com\/www.ellensailing.se\/wp-content\/uploads\/2015\/01\/DSC_0134.jpg?w=2520&amp;ssl=1 2520w\" sizes=\"(max-width: 300px) 100vw, 300px\" \/><\/a><\/figure>\n\n\n\n<p class=\"wp-block-paragraph\">Tog en paus fr\u00e5n seglingen n\u00e4r barnen kom, Elin och Tobias som nu b\u00f6rjar \u00e4ven de bli gamla. Elin \u00e4r 29 och Tobias 27. Jag och min kompis Lasse fuskade n\u00e5gra \u00e5r med att segla 606, vilket var kul.<\/p>\n\n\n\n<p class=\"wp-block-paragraph\">Har haft en dr\u00f6m sedan jag var ca 8 \u00e5r att f\u00e5 korsa Atlanten. Nu b\u00f6rjar det n\u00e4rma sig att det skall f\u00e5 ske. B\u00e4st att g\u00f6ra det medan man har h\u00e4lsan i ordning.<\/p>\n\n\n\n<h2 class=\"wp-block-heading\">Lasse &#8221;Muttret&#8221; 63<\/h2>\n\n\n<div class=\"wp-block-image\">\n<figure class=\"alignright\"><a href=\"https:\/\/i0.wp.com\/www.ellensailing.se\/wp-content\/uploads\/2015\/01\/Lasse.jpg?ssl=1\"><img data-recalc-dims=\"1\" decoding=\"async\" width=\"300\" height=\"201\" src=\"https:\/\/i0.wp.com\/www.ellensailing.se\/wp-content\/uploads\/2015\/01\/Lasse.jpg?resize=300%2C201&#038;ssl=1\" alt=\"\" class=\"wp-image-1172\" srcset=\"https:\/\/i0.wp.com\/www.ellensailing.se\/wp-content\/uploads\/2015\/01\/Lasse.jpg?resize=300%2C200&amp;ssl=1 300w, https:\/\/i0.wp.com\/www.ellensailing.se\/wp-content\/uploads\/2015\/01\/Lasse.jpg?resize=768%2C513&amp;ssl=1 768w, https:\/\/i0.wp.com\/www.ellensailing.se\/wp-content\/uploads\/2015\/01\/Lasse.jpg?resize=1024%2C684&amp;ssl=1 1024w, https:\/\/i0.wp.com\/www.ellensailing.se\/wp-content\/uploads\/2015\/01\/Lasse.jpg?w=1680&amp;ssl=1 1680w, https:\/\/i0.wp.com\/www.ellensailing.se\/wp-content\/uploads\/2015\/01\/Lasse.jpg?w=2520&amp;ssl=1 2520w\" sizes=\"(max-width: 300px) 100vw, 300px\" \/><\/a><\/figure>\n<\/div>\n\n\n<p class=\"wp-block-paragraph\">Lasse har sedan f\u00f6rsta dagen jag pratade om att segla \u00f6ver Atlanten sagt att han skall med, hela v\u00e4gen fr\u00e5n Stockholm. Lasse \u00e4r egenf\u00f6retagare och s\u00e5 klart det \u00e4r tufft att f\u00e5 ihop allt. Lasse k\u00f6r som vanligt in i kaklet och kommer vara med hela v\u00e4gen till Karibien. D\u00e4r hoppar han av direkt efter ny\u00e5r. Lasse har varit till stor hj\u00e4lp med att fixa b\u00e5ten, bygga om b\u00e5ten o.s.v. Det inte Lasse kan \u00e4r inte v\u00e4rt att kunna. Dessutom \u00e4r han stark som en bj\u00f6rn. Lasse och jag har seglat ihop i massor av \u00e5r och vi har \u00e4ven haft en 606:a ihop som vi kappseglat med. Ett antal Gotland Runt har det blivit.<\/p>\n\n\n\n<h2 class=\"wp-block-heading\">Hans 69<\/h2>\n\n\n<div class=\"wp-block-image\">\n<figure class=\"alignright\"><a href=\"https:\/\/i0.wp.com\/www.ellensailing.se\/wp-content\/uploads\/2015\/01\/Hasse.jpg?ssl=1\"><img data-recalc-dims=\"1\" loading=\"lazy\" decoding=\"async\" width=\"300\" height=\"201\" src=\"https:\/\/i0.wp.com\/www.ellensailing.se\/wp-content\/uploads\/2015\/01\/Hasse.jpg?resize=300%2C201&#038;ssl=1\" alt=\"\" class=\"wp-image-1173\" srcset=\"https:\/\/i0.wp.com\/www.ellensailing.se\/wp-content\/uploads\/2015\/01\/Hasse.jpg?resize=300%2C200&amp;ssl=1 300w, https:\/\/i0.wp.com\/www.ellensailing.se\/wp-content\/uploads\/2015\/01\/Hasse.jpg?resize=768%2C513&amp;ssl=1 768w, https:\/\/i0.wp.com\/www.ellensailing.se\/wp-content\/uploads\/2015\/01\/Hasse.jpg?resize=1024%2C684&amp;ssl=1 1024w, https:\/\/i0.wp.com\/www.ellensailing.se\/wp-content\/uploads\/2015\/01\/Hasse.jpg?w=1680&amp;ssl=1 1680w, https:\/\/i0.wp.com\/www.ellensailing.se\/wp-content\/uploads\/2015\/01\/Hasse.jpg?w=2520&amp;ssl=1 2520w\" sizes=\"(max-width: 300px) 100vw, 300px\" \/><\/a><\/figure>\n<\/div>\n\n\n<p class=\"wp-block-paragraph\">Hans \u00e4r sv\u00e5ger med Lasse och \u00e4r uppvuxen p\u00e5 segelb\u00e5t. Hans och och Carloline har l\u00e4nge seglat Arconab\u00e5tar men har nu s\u00e5lt den med tanke p\u00e5 att Hans skall segla med oss. Hans kommer boka en enkelbiljett till Frankrike d\u00e4r han skall fira semester med familjen och tar t\u00e5g eller flyg ner till Portugal och hoppar p\u00e5 i b\u00f6rjan av oktober. Hans kommer vara med fr\u00e5n Portugal ner mot Lanzarote och vidare \u00f6ver Atlanten. Det \u00e4r kul att man kan inspirera tunga gubbar som tycker ens engagemang \u00e4r bra.<\/p>\n\n\n\n<h2 class=\"wp-block-heading\">Moltas 59<\/h2>\n\n\n<div class=\"wp-block-image\">\n<figure class=\"alignright\"><a href=\"https:\/\/i0.wp.com\/www.ellensailing.se\/wp-content\/uploads\/2015\/01\/molle.jpg?ssl=1\"><img data-recalc-dims=\"1\" loading=\"lazy\" decoding=\"async\" width=\"300\" height=\"199\" src=\"https:\/\/i0.wp.com\/www.ellensailing.se\/wp-content\/uploads\/2015\/01\/molle.jpg?resize=300%2C199&#038;ssl=1\" alt=\"\" class=\"wp-image-1174\" srcset=\"https:\/\/i0.wp.com\/www.ellensailing.se\/wp-content\/uploads\/2015\/01\/molle.jpg?resize=300%2C200&amp;ssl=1 300w, https:\/\/i0.wp.com\/www.ellensailing.se\/wp-content\/uploads\/2015\/01\/molle.jpg?resize=768%2C510&amp;ssl=1 768w, https:\/\/i0.wp.com\/www.ellensailing.se\/wp-content\/uploads\/2015\/01\/molle.jpg?resize=1024%2C680&amp;ssl=1 1024w, https:\/\/i0.wp.com\/www.ellensailing.se\/wp-content\/uploads\/2015\/01\/molle.jpg?w=1680&amp;ssl=1 1680w, https:\/\/i0.wp.com\/www.ellensailing.se\/wp-content\/uploads\/2015\/01\/molle.jpg?w=2520&amp;ssl=1 2520w\" sizes=\"(max-width: 300px) 100vw, 300px\" \/><\/a><\/figure>\n<\/div>\n\n\n<p class=\"wp-block-paragraph\">Molle \u00e4r klippan p\u00e5 b\u00e5tel och NMEA. En riktig envis general som \u00e4r helt \u00f6verl\u00e4gsen p\u00e5 datorer och kopplingar fram och tillbaka. Det beh\u00f6vs verkligen. N\u00e4r vi byggde om Ellen s\u00e5 ritade Moltas upp hela kopplingsschemat. Det var s\u00e5 avancerat s\u00e5 till och med CTV Service inte begrep. Moltas har seglat mycket men \u00e4ven han och Pia har s\u00e5lt b\u00e5ten och k\u00f6pt ett sommarhus ist\u00e4llet. Moltas och jag har transportseglat Arconab\u00e5tar ihop och vi hade en tuff segling fr\u00e5n Ell\u00f6s till Gustavsberg n\u00e4r Arcona 410:an var ny. Det gl\u00f6mmer jag aldrig. Moltas kommer flyga ner till Teneriffa f\u00f6r att checka ombord p\u00e5 Ellen och segla \u00f6ver Atlanten. N\u00e4r vi kommer fram har han hyrt en b\u00e5t med familjen s\u00e5 vi kan segla ihop ett par veckor.<\/p>\n","protected":false},"excerpt":{"rendered":"<p>Jackline 60. Leg.sjuksk\u00f6terska och arbetar p\u00e5 Arytmikliniken vid Danderyds sjukhus. Har jobbat med rytmrubbningar sedan 98. Har tv\u00e5 &#8221;barn&#8221; som[&#8230;]<\/p>\n","protected":false},"author":1,"featured_media":0,"parent":0,"menu_order":3,"comment_status":"open","ping_status":"open","template":"","meta":{"footnotes":""},"class_list":["post-10","page","type-page","status-publish","hentry"],"jetpack_sharing_enabled":true,"jetpack_shortlink":"https:\/\/wp.me\/P5G68R-a","jetpack-related-posts":[{"id":16,"url":"https:\/\/www.ellensailing.se\/?page_id=16","url_meta":{"origin":10,"position":0},"title":"Planering","author":"peter@ellensailing.se","date":"15 januari, 2015","format":false,"excerpt":"Segling 2019 Efter ett \u00e5rs segling fr\u00e5n Frankrike till Karibien s\u00e5 \u00e4r det nu dags f\u00f6r nya eskapader. N\u00e4r vi kom till Karibien s\u00e5 seglade vi runt bland de flesta \u00f6ar fr\u00e5n Antiqua i norr och till Grenada i s\u00f6der. Det var helt fantasiskt fint men ganska bl\u00e5sigt fr\u00e5n december\u2026","rel":"","context":"Med 6 kommentarer","block_context":{"text":"Med 6 kommentarer","link":"https:\/\/www.ellensailing.se\/?page_id=16#comments"},"img":{"alt_text":"","src":"","width":0,"height":0},"classes":[]},{"id":28,"url":"https:\/\/www.ellensailing.se\/?page_id=28","url_meta":{"origin":10,"position":1},"title":"Projekt 2014\/2015","author":"peter@ellensailing.se","date":"15 januari, 2015","format":false,"excerpt":"2014 -2015 \u00e4r det inte lika mycket att fixa med b\u00e5ten. I alla fall blir det inga stora ombyggnationer. Det som sker i \u00e5r \u00e4r att alla genomf\u00f6ringar skall bytas. B\u00e5ten har varit ute i m\u00e5nga \u00e5r i mycket salta vatten och f\u00f6r s\u00e4kerhetesskull vill vi vara p\u00e5 s\u00e4kra sidan\u2026","rel":"","context":"Liknande inl\u00e4gg","block_context":{"text":"Liknande inl\u00e4gg","link":""},"img":{"alt_text":"De gamla genomf\u00f6ringarna","src":"https:\/\/i0.wp.com\/www.ellensailing.se\/wp-content\/uploads\/2015\/01\/Fr%C3%A4mre-toan-avlopp-300x225.jpg?resize=350%2C200&ssl=1","width":350,"height":200},"classes":[]},{"id":801,"url":"https:\/\/www.ellensailing.se\/?page_id=801","url_meta":{"origin":10,"position":2},"title":"H\u00e4r \u00e4r vi","author":"peter@ellensailing.se","date":"14 april, 2016","format":false,"excerpt":"H\u00e4r kan ni f\u00f6lja oss n\u00e4r v\u00e5r AIS \u00e4r p\u00e5slagen och n\u00e4r den har kontakt. F\u00f6r att se flera b\u00e5tar som \u00e4r v\u00e5ra v\u00e4nner s\u00e5 kan du zooma ut. Marine Traffic har tyv\u00e4rr gjort om hemsidan. H\u00e4r kunde vi f\u00f6lja v\u00e5ra kompisb\u00e5tar etc, men de har slutat med det. Om\u2026","rel":"","context":"Liknande inl\u00e4gg","block_context":{"text":"Liknande inl\u00e4gg","link":""},"img":{"alt_text":"","src":"","width":0,"height":0},"classes":[]},{"id":35,"url":"https:\/\/www.ellensailing.se\/?page_id=35","url_meta":{"origin":10,"position":3},"title":"B\u00e5ten i allm\u00e4nhet","author":"peter@ellensailing.se","date":"15 januari, 2015","format":false,"excerpt":"LOA: 13,15M LWL: 12,05M Beam: 3,98M Draft: 2,30M Mast heigh: 20,5M DISP: 10Ton Ballast: 3,6Ton Water: 300L Hotwater: 40L Fuel: 200+100L Main: 62m\u00b2 Jib: 52m\u00b2 Stix:38 Mer om Arcona Yachts finns att l\u00e4sa p\u00e5 http:\/\/www.arconayachts.se EllenEllen \u00e4r en Arcona 430 med tillverkningsnummer 5. Hon har varit med om mycket. Kalle\u2026","rel":"","context":"Liknande inl\u00e4gg","block_context":{"text":"Liknande inl\u00e4gg","link":""},"img":{"alt_text":"DSC02044","src":"https:\/\/i0.wp.com\/www.ellensailing.se\/wp-content\/uploads\/2015\/11\/DSC02044-1024x683.jpg?resize=350%2C200&ssl=1","width":350,"height":200,"srcset":"https:\/\/i0.wp.com\/www.ellensailing.se\/wp-content\/uploads\/2015\/11\/DSC02044-1024x683.jpg?resize=350%2C200&ssl=1 1x, https:\/\/i0.wp.com\/www.ellensailing.se\/wp-content\/uploads\/2015\/11\/DSC02044-1024x683.jpg?resize=525%2C300&ssl=1 1.5x, https:\/\/i0.wp.com\/www.ellensailing.se\/wp-content\/uploads\/2015\/11\/DSC02044-1024x683.jpg?resize=700%2C400&ssl=1 2x"},"classes":[]},{"id":192,"url":"https:\/\/www.ellensailing.se\/?page_id=192","url_meta":{"origin":10,"position":4},"title":"F\u00f6rsta Arconan","author":"peter@ellensailing.se","date":"31 januari, 2015","format":false,"excerpt":"Camara F\u00f6rsta g\u00e5ngen jag kom i kontakt med Arcona var n\u00e4r vi byggde en Arcona 321 Racing. Hon anv\u00e4ndes som mall f\u00f6r att bygga 321:orna. Blev mycket l\u00e4ttare och stabil som f\u00e5. Med elliptiskt k\u00f6l och ett djupare roder och ingen sk\u00e4dda seglade hon b\u00e5de h\u00f6gt och fort utan avdrift.\u2026","rel":"","context":"Med 6 kommentarer","block_context":{"text":"Med 6 kommentarer","link":"https:\/\/www.ellensailing.se\/?page_id=192#comments"},"img":{"alt_text":"Camara logo","src":"https:\/\/i0.wp.com\/www.ellensailing.se\/wp-content\/uploads\/2015\/01\/Camara-logo-1024x683.jpg?resize=350%2C200&ssl=1","width":350,"height":200,"srcset":"https:\/\/i0.wp.com\/www.ellensailing.se\/wp-content\/uploads\/2015\/01\/Camara-logo-1024x683.jpg?resize=350%2C200&ssl=1 1x, https:\/\/i0.wp.com\/www.ellensailing.se\/wp-content\/uploads\/2015\/01\/Camara-logo-1024x683.jpg?resize=525%2C300&ssl=1 1.5x"},"classes":[]},{"id":7,"url":"https:\/\/www.ellensailing.se\/?page_id=7","url_meta":{"origin":10,"position":5},"title":"B\u00e5ten","author":"peter@ellensailing.se","date":"15 januari, 2015","format":false,"excerpt":"Ellen \u00e4r en Arcona 430","rel":"","context":"Med 2 kommentarer","block_context":{"text":"Med 2 kommentarer","link":"https:\/\/www.ellensailing.se\/?page_id=7#comments"},"img":{"alt_text":"","src":"","width":0,"height":0},"classes":[]}],"jetpack_likes_enabled":false,"_links":{"self":[{"href":"https:\/\/www.ellensailing.se\/index.php?rest_route=\/wp\/v2\/pages\/10","targetHints":{"allow":["GET"]}}],"collection":[{"href":"https:\/\/www.ellensailing.se\/index.php?rest_route=\/wp\/v2\/pages"}],"about":[{"href":"https:\/\/www.ellensailing.se\/index.php?rest_route=\/wp\/v2\/types\/page"}],"author":[{"embeddable":true,"href":"https:\/\/www.ellensailing.se\/index.php?rest_route=\/wp\/v2\/users\/1"}],"replies":[{"embeddable":true,"href":"https:\/\/www.ellensailing.se\/index.php?rest_route=%2Fwp%2Fv2%2Fcomments&post=10"}],"version-history":[{"count":21,"href":"https:\/\/www.ellensailing.se\/index.php?rest_route=\/wp\/v2\/pages\/10\/revisions"}],"predecessor-version":[{"id":3978,"href":"https:\/\/www.ellensailing.se\/index.php?rest_route=\/wp\/v2\/pages\/10\/revisions\/3978"}],"wp:attachment":[{"href":"https:\/\/www.ellensailing.se\/index.php?rest_route=%2Fwp%2Fv2%2Fmedia&parent=10"}],"curies":[{"name":"wp","href":"https:\/\/api.w.org\/{rel}","templated":true}]}}